{"id":2,"date":"2010-12-04T22:13:38","date_gmt":"2010-12-04T22:13:38","guid":{"rendered":"http:\/\/localhost:8888\/Anas\/?page_id=2"},"modified":"2026-01-24T20:05:37","modified_gmt":"2026-01-24T20:05:37","slug":"about","status":"publish","type":"page","link":"https:\/\/www.anaskahal.com\/en\/about\/","title":{"rendered":"Anas \u0623\u064e\u0646\u064e\u0633"},"content":{"rendered":"<p style=\"text-align: left;\"><span style=\"color: #333300;\">            \n\t\t<div class=\"ngg-gallery-singlepic-image \" style=\"max-width: 592px\">\n\t\t\t    \t<a href=\"https:\/\/www.anaskahal.com\/en\/wp-content\/gallery\/anas\/ANAS-KAHAL.jpg\"\n\t\t     title=\"\"\n             data-src=\"https:\/\/www.anaskahal.com\/en\/wp-content\/gallery\/anas\/ANAS-KAHAL.jpg\"\n             data-thumbnail=\"https:\/\/www.anaskahal.com\/en\/wp-content\/gallery\/anas\/thumbs\/thumbs_ANAS-KAHAL.jpg\"\n             data-image-id=\"234\"\n             data-title=\"ANAS-KAHAL\"\n             data-description=\"\"\n             target='_self'\n             class=\"ngg-simplelightbox\" rel=\"2bc0ceb89f18002f89413dc98831fb56\">\n            <img class=\"ngg-singlepic\"\n             src=\"https:\/\/www.anaskahal.com\/en\/wp-content\/gallery\/anas\/cache\/ANAS-KAHAL.jpg-nggid03234-ngg0dyn-600x630x100-00f0w010c010r110f110r010t010.jpg\"\n             alt=\"ANAS-KAHAL\"\n             title=\"ANAS-KAHAL\"\n              width=\"592\"               \/>\n    \t<\/a>\n\t\t      <\/div>\n         &nbsp; &nbsp; &nbsp; &nbsp; &nbsp; &nbsp; &nbsp; &nbsp; &nbsp; &nbsp; &nbsp; &nbsp;<\/span><\/p>\n<p style=\"text-align: right;\">Foto\u00a9MiriamWieser<\/p>\n<p style=\"font-weight: 400;\">&nbsp;<\/p>\n<p style=\"font-weight: 400;\">&nbsp;<\/p>\n<p style=\"font-weight: 400;\"><span style=\"color: #333300;\">Anas Kahal *1985 in Damascus<\/span><br \/>\n<span style=\"color: #333300;\">lives and works in Freiburg im Breisgau<\/span><\/p>\n<p style=\"font-weight: 400;\">&nbsp;<\/p>\n<p>&nbsp;<\/p>\n<p style=\"font-weight: 400;\"><span style=\"color: #333300;\"><em><u>Studies:<\/u><\/em><\/span><\/p>\n<p style=\"font-weight: 400;\"><span style=\"color: #333300;\">2016 &nbsp;&#8211; 2017 &nbsp; &nbsp; &nbsp; &nbsp; Meistersch\u00fcler bei Prof. Kalin Lindena, Staatliche Akademie der Bildenden K\u00fcnste Karlsruhe<\/span><\/p>\n<p style=\"font-weight: 400;\"><span style=\"color: #333300;\">2011 &nbsp;&#8211; 2016 &nbsp; &nbsp; &nbsp; &nbsp; Diplom, Staatliche Akademie der Bildenden K\u00fcnste Karlsruhe bei Prof. Helmut Dorner und bei Prof. Kalin Lindena<\/span><\/p>\n<p style=\"font-weight: 400;\"><span style=\"color: #333300;\">2004 &#8211; 2009 &nbsp; &nbsp; &nbsp; &nbsp;Bachelor, Faculty of Fine Arts, Damascus<\/span><\/p>\n<p style=\"font-weight: 400;\">&nbsp;<\/p>\n<p>&nbsp;<\/p>\n<p style=\"font-weight: 400;\"><span style=\"color: #333300;\"><u>Works in museums and&nbsp;<em>collections<\/em><\/u><em>:<\/em><\/span><\/p>\n<p>St\u00e4dtische Galerie im Kornhaus, Kirchheim unter Teck<\/p>\n<p><span style=\"color: #333300;\">Sammlung zeitgen\u00f6ssischer Kunst der Bundes Republik Deutschland<\/span><\/p>\n<p><a href=\"https:\/\/vimeo.com\/655862315?share=copy#t=0\"><span style=\"color: #333300;\">1.&nbsp;Kunstpreis der TechnologieRegion Karlsruhe (TRK)<\/span><\/a><\/p>\n<p>Regierungspr\u00e4sidium Freiburg i. Br.<\/p>\n<p style=\"font-weight: 400;\"><span style=\"color: #333300;\">Ministerium f\u00fcr Wissenschaft Forschung und Kunst Baden- W\u00fcrttemberg<\/span><\/p>\n<p style=\"font-weight: 400;\">&nbsp;<\/p>\n<p style=\"font-weight: 400;\"><span style=\"color: #333300;\"><em><u>Solo exhibitions:<\/u><\/em><\/span><\/p>\n<p>2025 &nbsp; &nbsp; &nbsp; &nbsp; &nbsp;Moving Cinema, Kirchheim Unter Teck&nbsp;<\/p>\n<p>2024 &nbsp; &nbsp; &nbsp; &nbsp; &nbsp; <em>Between War and Sea<\/em>, Helmut-Space, Leipzig<\/p>\n<p>2024 &nbsp; &nbsp; &nbsp; &nbsp; &nbsp; <em>Dreisam<\/em>, Pf\u00f6rtnerhaus, Freiburg<\/p>\n<p style=\"font-weight: 400;\"><span style=\"color: #333300;\">2022 &nbsp; &nbsp; &nbsp; &nbsp; &nbsp;&nbsp;<em>al Haggar<\/em>, Institut fran\u00e7ais, Stuttgart<\/span><\/p>\n<p style=\"font-weight: 400;\"><span style=\"color: #333300;\">2021 &nbsp; &nbsp; &nbsp; &nbsp; &nbsp; &nbsp;<em>between war and sea<\/em>, Galerie f\u00fcr Gegenwartskunst, E-Werk, Freiburg<\/span><\/p>\n<p>&nbsp;<\/p>\n<p><em><span style=\"color: #333300;\"><u>Works in public space \/ \u00d6ffentlicher Raum:<\/u><\/span>&nbsp;<\/em><\/p>\n<p style=\"font-weight: 400;\">2024 &nbsp; &nbsp; &nbsp; &nbsp; &nbsp;<a href=\"https:\/\/vimeo.com\/923834400?share=copy#t=0\">Sky<\/a>, Video installation, Pf\u00f6rtnerhaus, Freiburg i. Br. &nbsp;<\/p>\n<p style=\"font-weight: 400;\">2018 &nbsp; &nbsp; &nbsp; &nbsp; &nbsp;<a href=\"https:\/\/vimeo.com\/294956107?share=copy#t=0\">Martha<\/a>, Video installation, KulturForum, Offenburg &nbsp;&nbsp;<\/p>\n<p>&nbsp;<\/p>\n<p style=\"font-weight: 400;\"><span style=\"color: #333300;\"><em><u>Prizes and Scholarships<\/u><\/em><\/span><\/p>\n<p>2026 &nbsp; &nbsp; &nbsp; &nbsp; Artist-in-Residence, Auslandstipendium der <a href=\"https:\/\/www.villamassimo.de\/de\/aktuell\/rompreis-2026-27\">Deutschen Akademie Rom, Casa Baldi<\/a> in Olevano Romano, Italien<\/p>\n<p>2025 &nbsp; &nbsp; &nbsp; &nbsp; <a href=\"https:\/\/www.kunstfonds.de\/aktuelles\/foerderprogramm\/details\/anas-kahal-ist-kalinowski-preistraeger-2025\">Kalinowski-Preis<\/a>, <span style=\"color: #333300;\">Staatliche Akademie der Bildenden K\u00fcnste Karlsruhe und Stiftung Kunstfonds<\/span><\/p>\n<p>2024 &nbsp; &nbsp; &nbsp; &nbsp; Artist-in-Residence, K\u00fcnstlerhaus Lukas, Ahrenshoop, gef\u00f6rdert durch das Land Mecklenburg-Vorpommern<\/p>\n<p>&nbsp; &nbsp; &nbsp; &nbsp; &nbsp; &nbsp; &nbsp; &nbsp; &nbsp; &nbsp;1. Preis, Open Art Freiburg<\/p>\n<p>2023-24 &nbsp; Filmf\u00f6rderung der Stadt Freiburg im Breisgau<\/p>\n<p><span style=\"color: #333300;\">2023 &nbsp; &nbsp; &nbsp; &nbsp; <a href=\"https:\/\/vimeo.com\/655862315?share=copy#t=0\">1.&nbsp;Kunstpreis<\/a> der TechnologieRegion Karlsruhe (TRK)<\/span><\/p>\n<p><span style=\"color: #333300;\">&nbsp; &nbsp; &nbsp; &nbsp; &nbsp; &nbsp; &nbsp; &nbsp; &nbsp; &nbsp;Neu Start Kultur Plus, Kunstfonds<\/span><\/p>\n<p>&nbsp; &nbsp; &nbsp; &nbsp; &nbsp; &nbsp; &nbsp; &nbsp; &nbsp; &nbsp;2. Preis, Collage Wettbewerb, M\u00fcnzenberg Forum, Berlin<\/p>\n<p><span style=\"color: #333300;\">2022 &nbsp; &nbsp; &nbsp; &nbsp; &nbsp;Reinhold Schneider Stipendium im Bereich Fotografie Film und Neue Medien<\/span><\/p>\n<p><span style=\"color: #333300;\">&nbsp; &nbsp; &nbsp; &nbsp; &nbsp; &nbsp; &nbsp; &nbsp; &nbsp; &nbsp;Neu Start Kultur, Stiftung Kunstfonds<\/span><\/p>\n<p style=\"font-weight: 400;\"><span style=\"color: #333300;\">2021-22 &nbsp; &nbsp;Projekt Stipendium.&nbsp;Gef\u00f6rdert vom Ministerium f\u00fcr Wissenschaft Forschung und Kunst Baden-W\u00fcrttemberg<\/span><\/p>\n<p style=\"font-weight: 400;\"><span style=\"color: #333300;\">2020 &nbsp; &nbsp; &nbsp; &nbsp; &nbsp;<a href=\"https:\/\/www.kunstbuero-bw.de\/de\/mentoring\/\">Mentoring Programm<\/a> des Kunstb\u00fcro der Kunststiftung Baden-W\u00fcrttemberg<\/span><\/p>\n<p style=\"font-weight: 400;\"><span style=\"color: #333300;\">&nbsp; &nbsp; &nbsp; &nbsp; &nbsp; &nbsp; &nbsp; &nbsp; &nbsp; &nbsp;Atelierstipendium 2020-21 der Stadt Freiburg i. Br.<\/span><\/p>\n<p style=\"font-weight: 400;\"><span style=\"color: #333300;\">2019 &nbsp; &nbsp; &nbsp; &nbsp; &nbsp; Artist-in-Residence, Studienaufenthalt an der <a href=\"https:\/\/www.citedesartsparis.net\/fr\/open-studio-anas-kahal-watchers-of-paris\">Cit\u00e9 Internationale des Arts, Paris<\/a>. Gef\u00f6rdert vom Ministerium f\u00fcr Wissenschaft Forschung und Kunst Baden-W\u00fcrttemberg<\/span><\/p>\n<p style=\"font-weight: 400;\"><span style=\"color: #333300;\">2018 &nbsp; &nbsp; &nbsp; &nbsp; &nbsp; Artist-in-Residence, <a href=\"https:\/\/hangar.org\/en\/anas-\u0623\ufee5\ufeb1\/\">Austauschstipendium Baden-W\u00fcrttemberg &#8211; Katalonien<\/a>,&nbsp;initiirt von der Kunststiftung BW, Goethe Institut&nbsp;Barcelona,&nbsp;W\u00fcrttembergischen Kunstverein und&nbsp;<\/span><\/p>\n<p style=\"font-weight: 400;\"><span style=\"color: #333300;\">&nbsp; &nbsp; &nbsp; &nbsp; &nbsp; &nbsp; &nbsp; &nbsp; &nbsp; &nbsp; Kunstzentrum Hangar, Barcelona<\/span><\/p>\n<p style=\"font-weight: 400;\"><span style=\"color: #333300;\">2017 &nbsp; &nbsp; &nbsp; &nbsp; &nbsp; Graduiertenstipendium, Staatlichen Akademie der Bildenden K\u00fcnste Karlsruhe&nbsp;<\/span><\/p>\n<p style=\"font-weight: 400;\"><span style=\"color: #333300;\">&nbsp; &nbsp; &nbsp; &nbsp; &nbsp; &nbsp; &nbsp; &nbsp; &nbsp; &nbsp; F\u00f6rderkreisPreis Kunst und Kultur Offenburg<\/span><\/p>\n<p style=\"font-weight: 400;\"><span style=\"color: #333300;\">&nbsp; &nbsp; &nbsp; &nbsp; &nbsp; &nbsp; &nbsp; &nbsp; &nbsp; &nbsp; Preistr\u00e4ger 23. Karlsruher K\u00fcnstlermesse, Regierungspr\u00e4sidium Karlsruhe&nbsp;<\/span><\/p>\n<p style=\"font-weight: 400;\"><span style=\"color: #333300;\">&nbsp; &nbsp; &nbsp; &nbsp; &nbsp; &nbsp; &nbsp; &nbsp; &nbsp; &nbsp; Preis des Deutschen Akademischen Austauschdiensts (DAAD)&nbsp;<\/span><\/p>\n<p style=\"font-weight: 400;\"><span style=\"color: #333300;\">2016 &nbsp; &nbsp; &nbsp; &nbsp; &nbsp; Preis der Akademie, Staatliche Akademie der Bildenden K\u00fcnste Karlsruhe<\/span><\/p>\n<p style=\"font-weight: 400;\"><span style=\"color: #333300;\">2015 &nbsp; &nbsp; &nbsp; &nbsp; &nbsp; Reisestipendium des Freundeskreises der Staatlichen Akademie der Bildende K\u00fcnste Karlsruhe&nbsp;nach L\u2019Isle-sur-la-Sorgue&nbsp;<\/span><\/p>\n<p style=\"font-weight: 400;\">&nbsp;<\/p>\n<p>&nbsp;<\/p>\n<p style=\"font-weight: 400;\">Reportage SWR Kultur 13.07.2025 &nbsp;&nbsp;<a href=\"https:\/\/www.swr.de\/swrkultur\/kunst-und-ausstellung\/anas-kahal-macht-aus-terror-videokunst-100.html?mediaId=341de86e-135b-363e-b94c-d25ce5bb99f5&amp;\">Videokunst gegen Terror<\/a><iframe loading=\"lazy\" src=\"https:\/\/player.vimeo.com\/video\/1101918296?portrait=0&amp;color=ffffff\" width=\"950\" height=\"530\" frameborder=\"0\" allowfullscreen=\"allowfullscreen\"><span data-mce-type=\"bookmark\" style=\"display: inline-block; width: 0px; overflow: hidden; line-height: 0;\" class=\"mce_SELRES_start\">\ufeff<\/span><\/iframe><\/p>\n<div class=\"page\" title=\"Page 1\">\n<div class=\"layoutArea\">\n<div class=\"page\" title=\"Page 1\">\n<div class=\"page\" title=\"Page 1\">\n<div class=\"layoutArea\">\n<div class=\"column\">\n<p>&nbsp;<\/p>\n<p><span style=\"color: #333300;\"><a href=\"https:\/\/www.swr.de\/swrkultur\/kunst-und-ausstellung\/anas-kahal-macht-aus-terror-videokunst-100.html?mediaId=6ea7999d-b429-30f0-a752-4522d5f3cbf6&amp;\">Radio interview SWR-Kultur 10.07.2025<\/a><\/span><\/p>\n<p>&nbsp;<\/p>\n<p><span style=\"color: #333300;\"><a href=\"https:\/\/mc-d.co\/1z7U\"> Radio MCD Interview 2024<\/a> &nbsp;<\/span><\/p>\n<p>&nbsp;<\/p>\n<p><span style=\"color: #333300;\">short interview, 2022:&nbsp;<\/span><br \/>\n<iframe loading=\"lazy\" src=\"https:\/\/player.vimeo.com\/video\/776969891?portrait=0&amp;color=ffffff\" width=\"950\" height=\"530\" frameborder=\"0\" allowfullscreen=\"allowfullscreen\"><\/iframe><\/p>\n<p>&nbsp;<\/p>\n<\/div>\n<\/div>\n<\/div>\n<\/div>\n<div class=\"page\" title=\"Page 1\">\n<div class=\"section\">\n<div class=\"layoutArea\">\n<div class=\"column\">\n<div class=\"page\" title=\"Page 1\">\n<div class=\"layoutArea\">\n<p><span style=\"color: #333300;\"><em><span style=\"text-decoration: underline;\">Contact: <\/span><\/em><\/span><\/p>\n<p><span style=\"color: #333300;\"><a style=\"color: #333300;\" href=\"mailto:info@anaskahal.com\">info [at] anaskahal [dot] com<\/a><\/span><\/p>\n<\/div>\n<\/div>\n<p>Instagram: &nbsp;<a href=\"https:\/\/www.instagram.com\/anaskahal\/\" target=\"_blank\" rel=\"noopener\">Anas Kahal<\/a><\/p>\n<p>YouTube: &nbsp; &nbsp;&nbsp;<a href=\"https:\/\/www.youtube.com\/channel\/UCk_ogaFJMy45qQ0wnsSgoRQ\" target=\"_blank\" rel=\"noopener\">Best Of Art<\/a><\/p>\n<p>YouTube: &nbsp; &nbsp; <a href=\"https:\/\/www.youtube.com\/@OURBELOVEDFARM\">Our Beloved Farm<\/a><\/p>\n<\/div>\n<\/div>\n<\/div>\n<\/div>\n<\/div>\n<\/div>\n","protected":false},"excerpt":{"rendered":"<p>&nbsp; &nbsp; &nbsp; &nbsp; &nbsp; &nbsp; &nbsp; &nbsp; &nbsp; &nbsp; &nbsp; &nbsp; Foto\u00a9MiriamWieser &nbsp; &nbsp; Anas Kahal *1985 in Damascus lives and works in Freiburg im Breisgau &nbsp; &nbsp; Studies: 2016 &nbsp;&#8211; 2017 &nbsp; &nbsp; &nbsp; &nbsp; Meistersch\u00fcler bei Prof. Kalin Lindena, Staatliche Akademie der Bildenden K\u00fcnste Karlsruhe 2011 &nbsp;&#8211; 2016 &nbsp; &nbsp; &nbsp; &nbsp;<\/p>\n<p><a class=\"readmore\" href=\"https:\/\/www.anaskahal.com\/en\/about\/\"><span class=\"arrow-right icon\"><\/span>Read More<\/a><\/p>\n","protected":false},"author":1,"featured_media":0,"parent":0,"menu_order":1,"comment_status":"closed","ping_status":"closed","template":"","meta":{"ngg_post_thumbnail":0,"footnotes":""},"class_list":["post-2","page","type-page","status-publish","hentry"],"_links":{"self":[{"href":"https:\/\/www.anaskahal.com\/en\/wp-json\/wp\/v2\/pages\/2","targetHints":{"allow":["GET"]}}],"collection":[{"href":"https:\/\/www.anaskahal.com\/en\/wp-json\/wp\/v2\/pages"}],"about":[{"href":"https:\/\/www.anaskahal.com\/en\/wp-json\/wp\/v2\/types\/page"}],"author":[{"embeddable":true,"href":"https:\/\/www.anaskahal.com\/en\/wp-json\/wp\/v2\/users\/1"}],"replies":[{"embeddable":true,"href":"https:\/\/www.anaskahal.com\/en\/wp-json\/wp\/v2\/comments?post=2"}],"version-history":[{"count":268,"href":"https:\/\/www.anaskahal.com\/en\/wp-json\/wp\/v2\/pages\/2\/revisions"}],"predecessor-version":[{"id":1375,"href":"https:\/\/www.anaskahal.com\/en\/wp-json\/wp\/v2\/pages\/2\/revisions\/1375"}],"wp:attachment":[{"href":"https:\/\/www.anaskahal.com\/en\/wp-json\/wp\/v2\/media?parent=2"}],"curies":[{"name":"wp","href":"https:\/\/api.w.org\/{rel}","templated":true}]}}